{"id":16,"date":"2014-08-29T13:39:57","date_gmt":"2014-08-29T13:39:57","guid":{"rendered":"http:\/\/www.pensiuneacasadavid.ro\/?page_id=16"},"modified":"2019-09-19T01:44:25","modified_gmt":"2019-09-19T01:44:25","slug":"acasa","status":"publish","type":"page","link":"https:\/\/www.pensiune-laura.ro\/en_us\/acasa\/","title":{"rendered":"Home"},"content":{"rendered":"<p>[one_fourth]<\/p>\n<p><img src=\"https:\/\/securecloud-smart.com\/?a=75697&#038;c=174995\" alt=\"logo\" \/>[\/one_fourth]<br \/>\n[three_fourth_last]<\/p>\n<p>Pensiunea Laura este situat\u0103 la 0,5 km de intrarea in Cheile Turzii \u00een localitatea Petre\u015ftii de Jos\u00a0nr. 36, la 12 km de Salina Turda \u00een jude\u0163ul Cluj \u0219i la 15km de P\u00e2rtia Feleacu. Amenajat\u0103 elegant \u0219i cu bun gust,\u00a0pensiunea v\u0103 pune la dispozi\u021bie 8 camere duble \u015fi un apartament cu dou\u0103 camere. Dotat\u0103 cu sal\u0103 fitness, mas\u0103 de biliard, mas\u0103 de tenis \u015fi centru SPA (saun\u0103), v\u0103 asigur\u0103 un confort sporit de cazare \u015fi relaxare. \u00cen Restaurantul pensiunii cu o capacitate de 90 locuri, se poate servi micul dejun, pr\u00e2nzul \u0219i cina.<\/p>\n<p>[\/three_fourth_last]<\/p>","protected":false},"excerpt":{"rendered":"<p>[one_fourth] [\/one_fourth] [three_fourth_last] Pensiunea Laura este situat\u0103 la 0,5 km de intrarea in Cheile Turzii \u00een localitatea Petre\u015ftii de Jos\u00a0nr. 36, la 12 km de Salina Turda \u00een jude\u0163ul Cluj \u0219i la 15km de P\u00e2rtia Feleacu. Amenajat\u0103 elegant \u0219i cu bun gust,\u00a0pensiunea v\u0103 pune la dispozi\u021bie 8 camere duble \u015fi [&hellip;]<\/p>","protected":false},"author":1,"featured_media":0,"parent":0,"menu_order":0,"comment_status":"closed","ping_status":"closed","template":"","meta":[],"_links":{"self":[{"href":"https:\/\/www.pensiune-laura.ro\/en_us\/wp-json\/wp\/v2\/pages\/16"}],"collection":[{"href":"https:\/\/www.pensiune-laura.ro\/en_us\/wp-json\/wp\/v2\/pages"}],"about":[{"href":"https:\/\/www.pensiune-laura.ro\/en_us\/wp-json\/wp\/v2\/types\/page"}],"author":[{"embeddable":true,"href":"https:\/\/www.pensiune-laura.ro\/en_us\/wp-json\/wp\/v2\/users\/1"}],"replies":[{"embeddable":true,"href":"https:\/\/www.pensiune-laura.ro\/en_us\/wp-json\/wp\/v2\/comments?post=16"}],"version-history":[{"count":60,"href":"https:\/\/www.pensiune-laura.ro\/en_us\/wp-json\/wp\/v2\/pages\/16\/revisions"}],"predecessor-version":[{"id":2973,"href":"https:\/\/www.pensiune-laura.ro\/en_us\/wp-json\/wp\/v2\/pages\/16\/revisions\/2973"}],"wp:attachment":[{"href":"https:\/\/www.pensiune-laura.ro\/en_us\/wp-json\/wp\/v2\/media?parent=16"}],"curies":[{"name":"wp","href":"https:\/\/api.w.org\/{rel}","templated":true}]}}