{"id":20,"date":"2014-08-29T13:40:18","date_gmt":"2014-08-29T13:40:18","guid":{"rendered":"http:\/\/www.pensiuneacasadavid.ro\/?page_id=20"},"modified":"2023-03-31T19:56:10","modified_gmt":"2023-03-31T19:56:10","slug":"tarife","status":"publish","type":"page","link":"https:\/\/www.pensiune-laura.ro\/en_us\/tarife\/","title":{"rendered":"Price"},"content":{"rendered":"<h3><div id=\"metaslider-id-2161\" style=\"width: 100%;\" class=\"ml-slider-3-20-3 metaslider metaslider-flex metaslider-2161 ml-slider nav-hidden\">\n    <div id=\"metaslider_container_2161\">\n        <div id=\"metaslider_2161\">\n            <ul aria-live=\"polite\" class=\"slides\">\n                <li style=\"display: block; width: 100%;\" class=\"slide-3128 ms-image\"><img src=\"https:\/\/www.pensiune-laura.ro\/wp-content\/uploads\/2021\/07\/PHOTO-2021-07-09-19-06-44-700x500.jpg\" height=\"500\" width=\"700\" alt=\"\" class=\"slider-2161 slide-3128\" title=\"PHOTO-2021-07-09-19-06-44\" \/><\/li>\n                <li style=\"display: none; width: 100%;\" class=\"slide-3131 ms-image\"><img src=\"https:\/\/www.pensiune-laura.ro\/wp-content\/uploads\/2021\/07\/PHOTO-2021-07-09-19-06-45-700x500.jpg\" height=\"500\" width=\"700\" alt=\"\" class=\"slider-2161 slide-3131\" title=\"PHOTO-2021-07-09-19-06-45\" \/><\/li>\n                <li style=\"display: none; width: 100%;\" class=\"slide-2163 ms-image\"><img src=\"https:\/\/www.pensiune-laura.ro\/wp-content\/uploads\/2019\/07\/P2-1-700x500.jpg\" height=\"500\" width=\"700\" alt=\"\" class=\"slider-2161 slide-2163\" title=\"P2\" \/><\/li>\n                <li style=\"display: none; width: 100%;\" class=\"slide-2164 ms-image\"><img src=\"https:\/\/www.pensiune-laura.ro\/wp-content\/uploads\/2019\/07\/Colaj-mare-700x500.jpg\" height=\"500\" width=\"700\" alt=\"\" class=\"slider-2161 slide-2164\" title=\"Colaj mare\" \/><\/li>\n                <li style=\"display: none; width: 100%;\" class=\"slide-2165 ms-image\"><img src=\"https:\/\/www.pensiune-laura.ro\/wp-content\/uploads\/2019\/07\/P7-700x500.jpg\" height=\"500\" width=\"700\" alt=\"\" class=\"slider-2161 slide-2165\" title=\"P7\" \/><\/li>\n                <li style=\"display: none; width: 100%;\" class=\"slide-2166 ms-image\"><img src=\"https:\/\/www.pensiune-laura.ro\/wp-content\/uploads\/2019\/07\/P8-700x500.jpg\" height=\"500\" width=\"700\" alt=\"\" class=\"slider-2161 slide-2166\" title=\"P8\" \/><\/li>\n                <li style=\"display: none; width: 100%;\" class=\"slide-2167 ms-image\"><img src=\"https:\/\/www.pensiune-laura.ro\/wp-content\/uploads\/2019\/07\/P11-700x500.jpg\" height=\"500\" width=\"700\" alt=\"\" class=\"slider-2161 slide-2167\" title=\"P11\" \/><\/li>\n                <li style=\"display: none; width: 100%;\" class=\"slide-2168 ms-image\"><img src=\"https:\/\/www.pensiune-laura.ro\/wp-content\/uploads\/2019\/07\/P12-700x500.jpg\" height=\"500\" width=\"700\" alt=\"\" class=\"slider-2161 slide-2168\" title=\"P12\" \/><\/li>\n                <li style=\"display: none; width: 100%;\" class=\"slide-2169 ms-image\"><img src=\"https:\/\/www.pensiune-laura.ro\/wp-content\/uploads\/2019\/07\/camera-5-b-700x500.jpg\" height=\"500\" width=\"700\" alt=\"\" class=\"slider-2161 slide-2169\" title=\"camera 5 b\" \/><\/li>\n                <li style=\"display: none; width: 100%;\" class=\"slide-2170 ms-image\"><img src=\"https:\/\/www.pensiune-laura.ro\/wp-content\/uploads\/2019\/07\/camera-6-b-700x500.jpg\" height=\"500\" width=\"700\" alt=\"\" class=\"slider-2161 slide-2170\" title=\"camera 6 b\" \/><\/li>\n                <li style=\"display: none; width: 100%;\" class=\"slide-2171 ms-image\"><img src=\"https:\/\/www.pensiune-laura.ro\/wp-content\/uploads\/2019\/07\/COLAJ-APARTAMENT-2-700x500.jpg\" height=\"500\" width=\"700\" alt=\"\" class=\"slider-2161 slide-2171\" title=\"COLAJ APARTAMENT 2\" \/><\/li>\n                <li style=\"display: none; width: 100%;\" class=\"slide-2172 ms-image\"><img src=\"https:\/\/www.pensiune-laura.ro\/wp-content\/uploads\/2019\/07\/COLAJ-APARTAMENT-RZ-700x500.jpg\" height=\"500\" width=\"700\" alt=\"\" class=\"slider-2161 slide-2172\" title=\"COLAJ APARTAMENT RZ\" \/><\/li>\n                <li style=\"display: none; width: 100%;\" class=\"slide-2173 ms-image\"><img src=\"https:\/\/www.pensiune-laura.ro\/wp-content\/uploads\/2019\/07\/P1-1-700x500.jpg\" height=\"500\" width=\"700\" alt=\"\" class=\"slider-2161 slide-2173\" title=\"P1\" \/><\/li>\n                <li style=\"display: none; width: 100%;\" class=\"slide-2174 ms-image\"><img src=\"https:\/\/www.pensiune-laura.ro\/wp-content\/uploads\/2019\/07\/Cam-twin-RZ-700x500.jpg\" height=\"500\" width=\"700\" alt=\"\" class=\"slider-2161 slide-2174\" title=\"Cam twin RZ\" \/><\/li>\n                <li style=\"display: none; width: 100%;\" class=\"slide-2175 ms-image\"><img src=\"https:\/\/www.pensiune-laura.ro\/wp-content\/uploads\/2019\/07\/camera-1-b-700x500.jpg\" height=\"500\" width=\"700\" alt=\"\" class=\"slider-2161 slide-2175\" title=\"camera 1 b\" \/><\/li>\n                <li style=\"display: none; width: 100%;\" class=\"slide-2176 ms-image\"><img src=\"https:\/\/www.pensiune-laura.ro\/wp-content\/uploads\/2019\/07\/camera-2-b-700x500.jpg\" height=\"500\" width=\"700\" alt=\"\" class=\"slider-2161 slide-2176\" title=\"camera 2 b\" \/><\/li>\n                <li style=\"display: none; width: 100%;\" class=\"slide-2177 ms-image\"><img src=\"https:\/\/www.pensiune-laura.ro\/wp-content\/uploads\/2019\/07\/camera-3-b-700x500.jpg\" height=\"500\" width=\"700\" alt=\"\" class=\"slider-2161 slide-2177\" title=\"camera 3 b\" \/><\/li>\n                <li style=\"display: none; width: 100%;\" class=\"slide-2178 ms-image\"><img src=\"https:\/\/www.pensiune-laura.ro\/wp-content\/uploads\/2019\/07\/camera-4-b-700x500.jpg\" height=\"500\" width=\"700\" alt=\"\" class=\"slider-2161 slide-2178\" title=\"camera 4 b\" \/><\/li>\n                <li style=\"display: none; width: 100%;\" class=\"slide-2179 ms-image\"><img src=\"https:\/\/www.pensiune-laura.ro\/wp-content\/uploads\/2019\/07\/restaurant-2-b-700x500.jpg\" height=\"500\" width=\"700\" alt=\"\" class=\"slider-2161 slide-2179\" title=\"restaurant 2 b\" \/><\/li>\n                <li style=\"display: none; width: 100%;\" class=\"slide-2180 ms-image\"><img src=\"https:\/\/www.pensiune-laura.ro\/wp-content\/uploads\/2019\/07\/P1-700x500.jpg\" height=\"500\" width=\"700\" alt=\"\" class=\"slider-2161 slide-2180\" title=\"P1\" \/><\/li>\n                <li style=\"display: none; width: 100%;\" class=\"slide-2181 ms-image\"><img src=\"https:\/\/www.pensiune-laura.ro\/wp-content\/uploads\/2019\/07\/P2-700x500.jpg\" height=\"500\" width=\"700\" alt=\"\" class=\"slider-2161 slide-2181\" title=\"P2\" \/><\/li>\n                <li style=\"display: none; width: 100%;\" class=\"slide-2182 ms-image\"><img src=\"https:\/\/www.pensiune-laura.ro\/wp-content\/uploads\/2019\/07\/COLAJ-EXTERIOR-700x500.jpg\" height=\"500\" width=\"700\" alt=\"\" class=\"slider-2161 slide-2182\" title=\"COLAJ EXTERIOR\" \/><\/li>\n                <li style=\"display: none; width: 100%;\" class=\"slide-2295 ms-image\"><img src=\"https:\/\/www.pensiune-laura.ro\/wp-content\/uploads\/2019\/09\/LAURA-2-700x500.jpg\" height=\"500\" width=\"700\" alt=\"\" class=\"slider-2161 slide-2295\" title=\"LAURA 2\" \/><\/li>\n                <li style=\"display: none; width: 100%;\" class=\"slide-2296 ms-image\"><img src=\"https:\/\/www.pensiune-laura.ro\/wp-content\/uploads\/2019\/09\/P6-700x500.jpg\" height=\"500\" width=\"700\" alt=\"\" class=\"slider-2161 slide-2296\" title=\"P6\" \/><\/li>\n                <li style=\"display: none; width: 100%;\" class=\"slide-2297 ms-image\"><img src=\"https:\/\/www.pensiune-laura.ro\/wp-content\/uploads\/2019\/09\/P10-700x500.jpg\" height=\"500\" width=\"700\" alt=\"\" class=\"slider-2161 slide-2297\" title=\"P10\" \/><\/li>\n                <li style=\"display: none; width: 100%;\" class=\"slide-2298 ms-image\"><img src=\"https:\/\/www.pensiune-laura.ro\/wp-content\/uploads\/2019\/09\/P11-700x500.jpg\" height=\"500\" width=\"700\" alt=\"\" class=\"slider-2161 slide-2298\" title=\"P11\" \/><\/li>\n                <li style=\"display: none; width: 100%;\" class=\"slide-2299 ms-image\"><img src=\"https:\/\/www.pensiune-laura.ro\/wp-content\/uploads\/2019\/09\/PANORAMA-PENSIUNE-CHEI-RZ-700x500.jpg\" height=\"500\" width=\"700\" alt=\"\" class=\"slider-2161 slide-2299\" title=\"PANORAMA PENSIUNE -CHEI RZ\" \/><\/li>\n                <li style=\"display: none; width: 100%;\" class=\"slide-2300 ms-image\"><img src=\"https:\/\/www.pensiune-laura.ro\/wp-content\/uploads\/2019\/09\/Pensiunea-LAURA-Intrare-1-700x500.jpg\" height=\"500\" width=\"700\" alt=\"\" class=\"slider-2161 slide-2300\" title=\"Pensiunea LAURA - Intrare\" \/><\/li>\n                <li style=\"display: none; width: 100%;\" class=\"slide-2301 ms-image\"><img src=\"https:\/\/www.pensiune-laura.ro\/wp-content\/uploads\/2019\/09\/poza-pensiune-3-REF-RZ-700x500.jpg\" height=\"500\" width=\"700\" alt=\"\" class=\"slider-2161 slide-2301\" title=\"poza pensiune 3 REF RZ\" \/><\/li>\n                <li style=\"display: none; width: 100%;\" class=\"slide-2302 ms-image\"><img src=\"https:\/\/www.pensiune-laura.ro\/wp-content\/uploads\/2019\/09\/POZA-PENSIUNEA-LAURA-RZ-700x500.jpg\" height=\"500\" width=\"700\" alt=\"\" class=\"slider-2161 slide-2302\" title=\"POZA PENSIUNEA LAURA RZ\" \/><\/li>\n                <li style=\"display: none; width: 100%;\" class=\"slide-2303 ms-image\"><img src=\"https:\/\/www.pensiune-laura.ro\/wp-content\/uploads\/2019\/09\/receptie-b-700x500.jpg\" height=\"500\" width=\"700\" alt=\"\" class=\"slider-2161 slide-2303\" title=\"receptie b\" \/><\/li>\n                <li style=\"display: none; width: 100%;\" class=\"slide-2304 ms-image\"><img src=\"https:\/\/www.pensiune-laura.ro\/wp-content\/uploads\/2019\/09\/SALA-RELAXARE-RZ-700x500.jpg\" height=\"500\" width=\"700\" alt=\"\" class=\"slider-2161 slide-2304\" title=\"SALA RELAXARE RZ\" \/><\/li>\n                <li style=\"display: none; width: 100%;\" class=\"slide-3127 ms-image\"><img src=\"https:\/\/www.pensiune-laura.ro\/wp-content\/uploads\/2021\/07\/PHOTO-2021-07-09-19-06-45-2-700x500.jpg\" height=\"500\" width=\"700\" alt=\"\" class=\"slider-2161 slide-3127\" title=\"PHOTO-2021-07-09-19-06-45 (2)\" \/><\/li>\n                <li style=\"display: none; width: 100%;\" class=\"slide-3129 ms-image\"><img src=\"https:\/\/www.pensiune-laura.ro\/wp-content\/uploads\/2021\/07\/PHOTO-2021-07-09-19-06-22-2-700x500.jpg\" height=\"500\" width=\"700\" alt=\"\" class=\"slider-2161 slide-3129\" title=\"PHOTO-2021-07-09-19-06-22 (2)\" \/><\/li>\n                <li style=\"display: none; width: 100%;\" class=\"slide-3130 ms-image\"><img src=\"https:\/\/www.pensiune-laura.ro\/wp-content\/uploads\/2021\/07\/PHOTO-2021-07-09-19-06-45-1-700x500.jpg\" height=\"500\" width=\"700\" alt=\"\" class=\"slider-2161 slide-3130\" title=\"PHOTO-2021-07-09-19-06-45 (1)\" \/><\/li>\n                <li style=\"display: none; width: 100%;\" class=\"slide-3132 ms-image\"><img src=\"https:\/\/www.pensiune-laura.ro\/wp-content\/uploads\/2021\/07\/PHOTO-2021-07-09-19-06-22-1-700x500.jpg\" height=\"500\" width=\"700\" alt=\"\" class=\"slider-2161 slide-3132\" title=\"PHOTO-2021-07-09-19-06-22 (1)\" \/><\/li>\n                <li style=\"display: none; width: 100%;\" class=\"slide-3133 ms-image\"><img src=\"https:\/\/www.pensiune-laura.ro\/wp-content\/uploads\/2021\/07\/PHOTO-2021-07-09-19-06-22-700x500.jpg\" height=\"500\" width=\"700\" alt=\"\" class=\"slider-2161 slide-3133\" title=\"PHOTO-2021-07-09-19-06-22\" \/><\/li>\n            <\/ul>\n        <\/div>\n        \n    <\/div>\n<\/div><\/h3>\n<h3 style=\"text-align: center;\"><strong>TARIFE ANUALE PENSIUNEA LAURA<\/strong><\/h3>\n<p><a href=\"https:\/\/www.pensiune-laura.ro\/wp-content\/uploads\/2023\/03\/TARIFE-ACTUALIZATE-PENSIUNEA-LAURA-2023.png\"><img loading=\"lazy\" src=\"https:\/\/www.pensiune-laura.ro\/wp-content\/uploads\/2023\/03\/TARIFE-ACTUALIZATE-PENSIUNEA-LAURA-2023-e1680292222698.png\" alt=\"\" width=\"2115\" height=\"1978\" class=\"alignnone wp-image-3138 size-full\" srcset=\"https:\/\/www.pensiune-laura.ro\/wp-content\/uploads\/2023\/03\/TARIFE-ACTUALIZATE-PENSIUNEA-LAURA-2023-e1680292222698.png 2115w, https:\/\/www.pensiune-laura.ro\/wp-content\/uploads\/2023\/03\/TARIFE-ACTUALIZATE-PENSIUNEA-LAURA-2023-e1680292222698-300x281.png 300w, https:\/\/www.pensiune-laura.ro\/wp-content\/uploads\/2023\/03\/TARIFE-ACTUALIZATE-PENSIUNEA-LAURA-2023-e1680292222698-1024x958.png 1024w, https:\/\/www.pensiune-laura.ro\/wp-content\/uploads\/2023\/03\/TARIFE-ACTUALIZATE-PENSIUNEA-LAURA-2023-e1680292222698-768x718.png 768w, https:\/\/www.pensiune-laura.ro\/wp-content\/uploads\/2023\/03\/TARIFE-ACTUALIZATE-PENSIUNEA-LAURA-2023-e1680292222698-1536x1437.png 1536w, https:\/\/www.pensiune-laura.ro\/wp-content\/uploads\/2023\/03\/TARIFE-ACTUALIZATE-PENSIUNEA-LAURA-2023-e1680292222698-2048x1915.png 2048w\" sizes=\"(max-width: 2115px) 100vw, 2115px\" \/><\/a><\/p>\n<p><!--more--><\/p>\n<p>&nbsp;<\/p>\n<ul>\n<li>All prices are valid for one night only and are final.<\/li>\n<li>Tarife mas\u0103: Mic dejun: 35 lei\/persoan\u0103 (7 Euro)<\/li>\n<li><strong>Check-in:\u00a014:00,\u00a0\u00a0\u00a0\u00a0 Check-out:\u00a012:00<\/strong><\/li>\n<li>Copiii sub\u00a06\u00a0ani au gratuitate la cazare si mic dejun(f\u0103r\u0103 pat suplimentar)<\/li>\n<li>Copiii \u00eentre\u00a06 \u2013 12\u00a0ani achit\u0103 pat suplimentar.<\/li>\n<li>Copiii peste\u00a012\u00a0ani pl\u0103tesc integral cazarea \u015fi masa.<\/li>\n<li>Moneda \u00een care sunt exprimate pre\u0163urile este RON.<\/li>\n<li>The payment of the value of the tourist services can be done online, with PO, holiday vouchers or cash at the reception of the Pension Laura, issuing a fiscal voucher or invoice as the case may be. <a href=\"https:\/\/bigshotrading.com\/swing-trading\/\" style=\"color: #333; text-decoration: none;\">get more info<\/a> is a short-term trading method that can be used when trading.<\/li>\n<\/ul>\n<h4 style=\"text-align: center;\"><strong>Politica de anulare a rezervarii<\/strong><strong>:<br \/>\n<\/strong><\/h4>\n<ul>\n<li>If canceled or modified up to 60 days before date of arrival, no fee will be charged.<\/li>\n<li>Daca rezervarea este anulata sau modificata cu mai putin de 60 zile inainte de data sosirii, se va incasa 100 % din pretul total al rezervarii.<\/li>\n<\/ul>\n<h4 style=\"text-align: center;\">Book now:<\/h4>\n<div role=\"form\" class=\"wpcf7\" id=\"wpcf7-f196-o1\" lang=\"en-US\" dir=\"ltr\">\n<div class=\"screen-reader-response\"><p role=\"status\" aria-live=\"polite\" aria-atomic=\"true\"><\/p> <ul><\/ul><\/div>\n<form action=\"\/en_us\/wp-json\/wp\/v2\/pages\/20#wpcf7-f196-o1\" method=\"post\" class=\"wpcf7-form init\" novalidate=\"novalidate\" data-status=\"init\" data-trp-original-action=\"\/en_us\/wp-json\/wp\/v2\/pages\/20#wpcf7-f196-o1\">\n<div style=\"display: none;\">\n<input type=\"hidden\" name=\"_wpcf7\" value=\"196\" \/>\n<input type=\"hidden\" name=\"_wpcf7_version\" value=\"5.4.1\" \/>\n<input type=\"hidden\" name=\"_wpcf7_locale\" value=\"en_US\" \/>\n<input type=\"hidden\" name=\"_wpcf7_unit_tag\" value=\"wpcf7-f196-o1\" \/>\n<input type=\"hidden\" name=\"_wpcf7_container_post\" value=\"0\" \/>\n<input type=\"hidden\" name=\"_wpcf7_posted_data_hash\" value=\"\" \/>\n<\/div>\n<h4>Personal information:<\/h4>\n<p><strong>Name:<\/strong><br \/>\n<span class=\"wpcf7-form-control-wrap Nume\"><input type=\"text\" name=\"Nume\" value=\"\" size=\"40\" class=\"wpcf7-form-control wpcf7-text wpcf7-validates-as-required\" id=\"nume\" aria-required=\"true\" aria-invalid=\"false\" \/><\/span><\/p>\n<p><strong>Email:<\/strong><br \/>\n<span class=\"wpcf7-form-control-wrap Email\"><input type=\"email\" name=\"Email\" value=\"\" size=\"40\" class=\"wpcf7-form-control wpcf7-text wpcf7-email wpcf7-validates-as-required wpcf7-validates-as-email\" id=\"email\" aria-required=\"true\" aria-invalid=\"false\" \/><\/span><\/p>\n<p><strong>Phone:<\/strong><br \/>\n<span class=\"wpcf7-form-control-wrap Telefon\"><input type=\"tel\" name=\"Telefon\" value=\"\" size=\"40\" class=\"wpcf7-form-control wpcf7-text wpcf7-tel wpcf7-validates-as-required wpcf7-validates-as-tel\" id=\"telefon\" aria-required=\"true\" aria-invalid=\"false\" \/><\/span><\/p>\n<h4>Perriod of stay<\/h4>\n<p><strong>Arrive date:<\/strong><br \/>\n<span class=\"wpcf7-form-control-wrap Sosire\"><input type=\"text\" name=\"Sosire\" value=\"\" size=\"40\" class=\"wpcf7-form-control wpcf7-date wpcf7-validates-as-required\" id=\"dsos\" aria-required=\"true\" \/> <\/span><\/p>\n<p><strong>Leaving date:<\/strong><br \/>\n<span class=\"wpcf7-form-control-wrap Plecare\"><input type=\"text\" name=\"Plecare\" value=\"\" size=\"40\" class=\"wpcf7-form-control wpcf7-date wpcf7-validates-as-required\" id=\"dplec\" aria-required=\"true\" \/> <\/span><\/p>\n<p><strong>Number of nights:<\/strong><br \/>\n<span class=\"wpcf7-form-control-wrap Nopti\"><input type=\"number\" name=\"Nopti\" value=\"\" class=\"wpcf7-form-control wpcf7-number wpcf7-validates-as-required wpcf7-validates-as-number\" id=\"nrnopti\" aria-required=\"true\" aria-invalid=\"false\" \/><\/span><\/p>\n<p><strong>Room type:<\/strong><br \/>\n<span class=\"wpcf7-form-control-wrap checkbox-553\"><span class=\"wpcf7-form-control wpcf7-checkbox wpcf7-validates-as-required wpcf7-exclusive-checkbox\" id=\"tipcamera\"><span class=\"wpcf7-list-item first\"><label><input type=\"checkbox\" name=\"checkbox-553\" value=\"Camer\u0103 dubl\u0103 matrimonial\u0103\" \/><span class=\"wpcf7-list-item-label\">Matrimonial Double Room<\/span><\/label><\/span><span class=\"wpcf7-list-item\"><label><input type=\"checkbox\" name=\"checkbox-553\" value=\"Camer\u0103 double twin\" \/><span class=\"wpcf7-list-item-label\">Double Twin Room<\/span><\/label><\/span><span class=\"wpcf7-list-item last\"><label><input type=\"checkbox\" name=\"checkbox-553\" value=\"Apartament 2 camere\" \/><span class=\"wpcf7-list-item-label\">2 rooms apartment<\/span><\/label><\/span><\/span><\/span><\/p>\n<h4>Booking information:<\/h4>\n<p><strong>Number of adults:<\/strong><br \/>\n<span class=\"wpcf7-form-control-wrap Adulti\"><input type=\"number\" name=\"Adulti\" value=\"\" class=\"wpcf7-form-control wpcf7-number wpcf7-validates-as-required wpcf7-validates-as-number\" id=\"nrpers\" aria-required=\"true\" aria-invalid=\"false\" \/><\/span><br \/>\n<strong>Number of kids:<\/strong><br \/>\n<span class=\"wpcf7-form-control-wrap Copii\"><input type=\"number\" name=\"Copii\" value=\"\" class=\"wpcf7-form-control wpcf7-number wpcf7-validates-as-required wpcf7-validates-as-number\" id=\"nrcopii\" aria-required=\"true\" aria-invalid=\"false\" \/><\/span><\/p>\n<p><strong>V\u00e2rst\u0103 copii:<\/strong><br \/>\n<span class=\"wpcf7-form-control-wrap number-65\"><input type=\"number\" name=\"number-65\" value=\"\" class=\"wpcf7-form-control wpcf7-number wpcf7-validates-as-number\" aria-invalid=\"false\" \/><\/span><br \/>\n<strong>Aditional Information (if you want):<\/strong><br \/>\n<span class=\"wpcf7-form-control-wrap Mesaj\"><textarea name=\"Mesaj\" cols=\"40\" rows=\"10\" class=\"wpcf7-form-control wpcf7-textarea\" id=\"mesaj\" aria-invalid=\"false\"><\/textarea><\/span><\/p>\n<p><input type=\"submit\" value=\"Send booking!\" class=\"wpcf7-form-control wpcf7-submit button1\" id=\"submitmail\" \/><\/p>\n<div class=\"wpcf7-response-output\" aria-hidden=\"true\"><\/div><input type=\"hidden\" name=\"trp-form-language\" value=\"en_us\"\/><\/form><\/div>","protected":false},"excerpt":{"rendered":"<p>TARIFE ANUALE PENSIUNEA LAURA<\/p>","protected":false},"author":5,"featured_media":0,"parent":0,"menu_order":0,"comment_status":"closed","ping_status":"closed","template":"","meta":[],"_links":{"self":[{"href":"https:\/\/www.pensiune-laura.ro\/en_us\/wp-json\/wp\/v2\/pages\/20"}],"collection":[{"href":"https:\/\/www.pensiune-laura.ro\/en_us\/wp-json\/wp\/v2\/pages"}],"about":[{"href":"https:\/\/www.pensiune-laura.ro\/en_us\/wp-json\/wp\/v2\/types\/page"}],"author":[{"embeddable":true,"href":"https:\/\/www.pensiune-laura.ro\/en_us\/wp-json\/wp\/v2\/users\/5"}],"replies":[{"embeddable":true,"href":"https:\/\/www.pensiune-laura.ro\/en_us\/wp-json\/wp\/v2\/comments?post=20"}],"version-history":[{"count":54,"href":"https:\/\/www.pensiune-laura.ro\/en_us\/wp-json\/wp\/v2\/pages\/20\/revisions"}],"predecessor-version":[{"id":3139,"href":"https:\/\/www.pensiune-laura.ro\/en_us\/wp-json\/wp\/v2\/pages\/20\/revisions\/3139"}],"wp:attachment":[{"href":"https:\/\/www.pensiune-laura.ro\/en_us\/wp-json\/wp\/v2\/media?parent=20"}],"curies":[{"name":"wp","href":"https:\/\/api.w.org\/{rel}","templated":true}]}}