{"id":204,"date":"2014-10-06T16:13:28","date_gmt":"2014-10-06T16:13:28","guid":{"rendered":"http:\/\/www.pensiuneacasadavid.ro\/?page_id=204"},"modified":"2019-10-01T10:52:26","modified_gmt":"2019-10-01T10:52:26","slug":"obiective-turistice","status":"publish","type":"page","link":"https:\/\/www.pensiune-laura.ro\/en_us\/obiective-turistice\/","title":{"rendered":"Tourist Spots"},"content":{"rendered":"<h3><div id=\"metaslider-id-2161\" style=\"width: 100%;\" class=\"ml-slider-3-20-3 metaslider metaslider-flex metaslider-2161 ml-slider nav-hidden\">\n    <div id=\"metaslider_container_2161\">\n        <div id=\"metaslider_2161\">\n            <ul aria-live=\"polite\" class=\"slides\">\n                <li style=\"display: block; width: 100%;\" class=\"slide-3128 ms-image\"><img src=\"https:\/\/www.pensiune-laura.ro\/wp-content\/uploads\/2021\/07\/PHOTO-2021-07-09-19-06-44-700x500.jpg\" height=\"500\" width=\"700\" alt=\"\" class=\"slider-2161 slide-3128\" title=\"PHOTO-2021-07-09-19-06-44\" \/><\/li>\n                <li style=\"display: none; width: 100%;\" class=\"slide-3131 ms-image\"><img src=\"https:\/\/www.pensiune-laura.ro\/wp-content\/uploads\/2021\/07\/PHOTO-2021-07-09-19-06-45-700x500.jpg\" height=\"500\" width=\"700\" alt=\"\" class=\"slider-2161 slide-3131\" title=\"PHOTO-2021-07-09-19-06-45\" \/><\/li>\n                <li style=\"display: none; width: 100%;\" class=\"slide-2163 ms-image\"><img src=\"https:\/\/www.pensiune-laura.ro\/wp-content\/uploads\/2019\/07\/P2-1-700x500.jpg\" height=\"500\" width=\"700\" alt=\"\" class=\"slider-2161 slide-2163\" title=\"P2\" \/><\/li>\n                <li style=\"display: none; width: 100%;\" class=\"slide-2164 ms-image\"><img src=\"https:\/\/www.pensiune-laura.ro\/wp-content\/uploads\/2019\/07\/Colaj-mare-700x500.jpg\" height=\"500\" width=\"700\" alt=\"\" class=\"slider-2161 slide-2164\" title=\"Colaj mare\" \/><\/li>\n                <li style=\"display: none; width: 100%;\" class=\"slide-2165 ms-image\"><img src=\"https:\/\/www.pensiune-laura.ro\/wp-content\/uploads\/2019\/07\/P7-700x500.jpg\" height=\"500\" width=\"700\" alt=\"\" class=\"slider-2161 slide-2165\" title=\"P7\" \/><\/li>\n                <li style=\"display: none; width: 100%;\" class=\"slide-2166 ms-image\"><img src=\"https:\/\/www.pensiune-laura.ro\/wp-content\/uploads\/2019\/07\/P8-700x500.jpg\" height=\"500\" width=\"700\" alt=\"\" class=\"slider-2161 slide-2166\" title=\"P8\" \/><\/li>\n                <li style=\"display: none; width: 100%;\" class=\"slide-2167 ms-image\"><img src=\"https:\/\/www.pensiune-laura.ro\/wp-content\/uploads\/2019\/07\/P11-700x500.jpg\" height=\"500\" width=\"700\" alt=\"\" class=\"slider-2161 slide-2167\" title=\"P11\" \/><\/li>\n                <li style=\"display: none; width: 100%;\" class=\"slide-2168 ms-image\"><img src=\"https:\/\/www.pensiune-laura.ro\/wp-content\/uploads\/2019\/07\/P12-700x500.jpg\" height=\"500\" width=\"700\" alt=\"\" class=\"slider-2161 slide-2168\" title=\"P12\" \/><\/li>\n                <li style=\"display: none; width: 100%;\" class=\"slide-2169 ms-image\"><img src=\"https:\/\/www.pensiune-laura.ro\/wp-content\/uploads\/2019\/07\/camera-5-b-700x500.jpg\" height=\"500\" width=\"700\" alt=\"\" class=\"slider-2161 slide-2169\" title=\"camera 5 b\" \/><\/li>\n                <li style=\"display: none; width: 100%;\" class=\"slide-2170 ms-image\"><img src=\"https:\/\/www.pensiune-laura.ro\/wp-content\/uploads\/2019\/07\/camera-6-b-700x500.jpg\" height=\"500\" width=\"700\" alt=\"\" class=\"slider-2161 slide-2170\" title=\"camera 6 b\" \/><\/li>\n                <li style=\"display: none; width: 100%;\" class=\"slide-2171 ms-image\"><img src=\"https:\/\/www.pensiune-laura.ro\/wp-content\/uploads\/2019\/07\/COLAJ-APARTAMENT-2-700x500.jpg\" height=\"500\" width=\"700\" alt=\"\" class=\"slider-2161 slide-2171\" title=\"COLAJ APARTAMENT 2\" \/><\/li>\n                <li style=\"display: none; width: 100%;\" class=\"slide-2172 ms-image\"><img src=\"https:\/\/www.pensiune-laura.ro\/wp-content\/uploads\/2019\/07\/COLAJ-APARTAMENT-RZ-700x500.jpg\" height=\"500\" width=\"700\" alt=\"\" class=\"slider-2161 slide-2172\" title=\"COLAJ APARTAMENT RZ\" \/><\/li>\n                <li style=\"display: none; width: 100%;\" class=\"slide-2173 ms-image\"><img src=\"https:\/\/www.pensiune-laura.ro\/wp-content\/uploads\/2019\/07\/P1-1-700x500.jpg\" height=\"500\" width=\"700\" alt=\"\" class=\"slider-2161 slide-2173\" title=\"P1\" \/><\/li>\n                <li style=\"display: none; width: 100%;\" class=\"slide-2174 ms-image\"><img src=\"https:\/\/www.pensiune-laura.ro\/wp-content\/uploads\/2019\/07\/Cam-twin-RZ-700x500.jpg\" height=\"500\" width=\"700\" alt=\"\" class=\"slider-2161 slide-2174\" title=\"Cam twin RZ\" \/><\/li>\n                <li style=\"display: none; width: 100%;\" class=\"slide-2175 ms-image\"><img src=\"https:\/\/www.pensiune-laura.ro\/wp-content\/uploads\/2019\/07\/camera-1-b-700x500.jpg\" height=\"500\" width=\"700\" alt=\"\" class=\"slider-2161 slide-2175\" title=\"camera 1 b\" \/><\/li>\n                <li style=\"display: none; width: 100%;\" class=\"slide-2176 ms-image\"><img src=\"https:\/\/www.pensiune-laura.ro\/wp-content\/uploads\/2019\/07\/camera-2-b-700x500.jpg\" height=\"500\" width=\"700\" alt=\"\" class=\"slider-2161 slide-2176\" title=\"camera 2 b\" \/><\/li>\n                <li style=\"display: none; width: 100%;\" class=\"slide-2177 ms-image\"><img src=\"https:\/\/www.pensiune-laura.ro\/wp-content\/uploads\/2019\/07\/camera-3-b-700x500.jpg\" height=\"500\" width=\"700\" alt=\"\" class=\"slider-2161 slide-2177\" title=\"camera 3 b\" \/><\/li>\n                <li style=\"display: none; width: 100%;\" class=\"slide-2178 ms-image\"><img src=\"https:\/\/www.pensiune-laura.ro\/wp-content\/uploads\/2019\/07\/camera-4-b-700x500.jpg\" height=\"500\" width=\"700\" alt=\"\" class=\"slider-2161 slide-2178\" title=\"camera 4 b\" \/><\/li>\n                <li style=\"display: none; width: 100%;\" class=\"slide-2179 ms-image\"><img src=\"https:\/\/www.pensiune-laura.ro\/wp-content\/uploads\/2019\/07\/restaurant-2-b-700x500.jpg\" height=\"500\" width=\"700\" alt=\"\" class=\"slider-2161 slide-2179\" title=\"restaurant 2 b\" \/><\/li>\n                <li style=\"display: none; width: 100%;\" class=\"slide-2180 ms-image\"><img src=\"https:\/\/www.pensiune-laura.ro\/wp-content\/uploads\/2019\/07\/P1-700x500.jpg\" height=\"500\" width=\"700\" alt=\"\" class=\"slider-2161 slide-2180\" title=\"P1\" \/><\/li>\n                <li style=\"display: none; width: 100%;\" class=\"slide-2181 ms-image\"><img src=\"https:\/\/www.pensiune-laura.ro\/wp-content\/uploads\/2019\/07\/P2-700x500.jpg\" height=\"500\" width=\"700\" alt=\"\" class=\"slider-2161 slide-2181\" title=\"P2\" \/><\/li>\n                <li style=\"display: none; width: 100%;\" class=\"slide-2182 ms-image\"><img src=\"https:\/\/www.pensiune-laura.ro\/wp-content\/uploads\/2019\/07\/COLAJ-EXTERIOR-700x500.jpg\" height=\"500\" width=\"700\" alt=\"\" class=\"slider-2161 slide-2182\" title=\"COLAJ EXTERIOR\" \/><\/li>\n                <li style=\"display: none; width: 100%;\" class=\"slide-2295 ms-image\"><img src=\"https:\/\/www.pensiune-laura.ro\/wp-content\/uploads\/2019\/09\/LAURA-2-700x500.jpg\" height=\"500\" width=\"700\" alt=\"\" class=\"slider-2161 slide-2295\" title=\"LAURA 2\" \/><\/li>\n                <li style=\"display: none; width: 100%;\" class=\"slide-2296 ms-image\"><img src=\"https:\/\/www.pensiune-laura.ro\/wp-content\/uploads\/2019\/09\/P6-700x500.jpg\" height=\"500\" width=\"700\" alt=\"\" class=\"slider-2161 slide-2296\" title=\"P6\" \/><\/li>\n                <li style=\"display: none; width: 100%;\" class=\"slide-2297 ms-image\"><img src=\"https:\/\/www.pensiune-laura.ro\/wp-content\/uploads\/2019\/09\/P10-700x500.jpg\" height=\"500\" width=\"700\" alt=\"\" class=\"slider-2161 slide-2297\" title=\"P10\" \/><\/li>\n                <li style=\"display: none; width: 100%;\" class=\"slide-2298 ms-image\"><img src=\"https:\/\/www.pensiune-laura.ro\/wp-content\/uploads\/2019\/09\/P11-700x500.jpg\" height=\"500\" width=\"700\" alt=\"\" class=\"slider-2161 slide-2298\" title=\"P11\" \/><\/li>\n                <li style=\"display: none; width: 100%;\" class=\"slide-2299 ms-image\"><img src=\"https:\/\/www.pensiune-laura.ro\/wp-content\/uploads\/2019\/09\/PANORAMA-PENSIUNE-CHEI-RZ-700x500.jpg\" height=\"500\" width=\"700\" alt=\"\" class=\"slider-2161 slide-2299\" title=\"PANORAMA PENSIUNE -CHEI RZ\" \/><\/li>\n                <li style=\"display: none; width: 100%;\" class=\"slide-2300 ms-image\"><img src=\"https:\/\/www.pensiune-laura.ro\/wp-content\/uploads\/2019\/09\/Pensiunea-LAURA-Intrare-1-700x500.jpg\" height=\"500\" width=\"700\" alt=\"\" class=\"slider-2161 slide-2300\" title=\"Pensiunea LAURA - Intrare\" \/><\/li>\n                <li style=\"display: none; width: 100%;\" class=\"slide-2301 ms-image\"><img src=\"https:\/\/www.pensiune-laura.ro\/wp-content\/uploads\/2019\/09\/poza-pensiune-3-REF-RZ-700x500.jpg\" height=\"500\" width=\"700\" alt=\"\" class=\"slider-2161 slide-2301\" title=\"poza pensiune 3 REF RZ\" \/><\/li>\n                <li style=\"display: none; width: 100%;\" class=\"slide-2302 ms-image\"><img src=\"https:\/\/www.pensiune-laura.ro\/wp-content\/uploads\/2019\/09\/POZA-PENSIUNEA-LAURA-RZ-700x500.jpg\" height=\"500\" width=\"700\" alt=\"\" class=\"slider-2161 slide-2302\" title=\"POZA PENSIUNEA LAURA RZ\" \/><\/li>\n                <li style=\"display: none; width: 100%;\" class=\"slide-2303 ms-image\"><img src=\"https:\/\/www.pensiune-laura.ro\/wp-content\/uploads\/2019\/09\/receptie-b-700x500.jpg\" height=\"500\" width=\"700\" alt=\"\" class=\"slider-2161 slide-2303\" title=\"receptie b\" \/><\/li>\n                <li style=\"display: none; width: 100%;\" class=\"slide-2304 ms-image\"><img src=\"https:\/\/www.pensiune-laura.ro\/wp-content\/uploads\/2019\/09\/SALA-RELAXARE-RZ-700x500.jpg\" height=\"500\" width=\"700\" alt=\"\" class=\"slider-2161 slide-2304\" title=\"SALA RELAXARE RZ\" \/><\/li>\n                <li style=\"display: none; width: 100%;\" class=\"slide-3127 ms-image\"><img src=\"https:\/\/www.pensiune-laura.ro\/wp-content\/uploads\/2021\/07\/PHOTO-2021-07-09-19-06-45-2-700x500.jpg\" height=\"500\" width=\"700\" alt=\"\" class=\"slider-2161 slide-3127\" title=\"PHOTO-2021-07-09-19-06-45 (2)\" \/><\/li>\n                <li style=\"display: none; width: 100%;\" class=\"slide-3129 ms-image\"><img src=\"https:\/\/www.pensiune-laura.ro\/wp-content\/uploads\/2021\/07\/PHOTO-2021-07-09-19-06-22-2-700x500.jpg\" height=\"500\" width=\"700\" alt=\"\" class=\"slider-2161 slide-3129\" title=\"PHOTO-2021-07-09-19-06-22 (2)\" \/><\/li>\n                <li style=\"display: none; width: 100%;\" class=\"slide-3130 ms-image\"><img src=\"https:\/\/www.pensiune-laura.ro\/wp-content\/uploads\/2021\/07\/PHOTO-2021-07-09-19-06-45-1-700x500.jpg\" height=\"500\" width=\"700\" alt=\"\" class=\"slider-2161 slide-3130\" title=\"PHOTO-2021-07-09-19-06-45 (1)\" \/><\/li>\n                <li style=\"display: none; width: 100%;\" class=\"slide-3132 ms-image\"><img src=\"https:\/\/www.pensiune-laura.ro\/wp-content\/uploads\/2021\/07\/PHOTO-2021-07-09-19-06-22-1-700x500.jpg\" height=\"500\" width=\"700\" alt=\"\" class=\"slider-2161 slide-3132\" title=\"PHOTO-2021-07-09-19-06-22 (1)\" \/><\/li>\n                <li style=\"display: none; width: 100%;\" class=\"slide-3133 ms-image\"><img src=\"https:\/\/www.pensiune-laura.ro\/wp-content\/uploads\/2021\/07\/PHOTO-2021-07-09-19-06-22-700x500.jpg\" height=\"500\" width=\"700\" alt=\"\" class=\"slider-2161 slide-3133\" title=\"PHOTO-2021-07-09-19-06-22\" \/><\/li>\n            <\/ul>\n        <\/div>\n        \n    <\/div>\n<\/div><\/h3>\n<h3 style=\"text-align: center;\"><span style=\"color: #800000;\">Cheile Turzii\u00a0<\/span><\/h3>\n<p>They make up a protected area of national interest and offer a karst landscape of a rare wilderness: high and steep rocks, sharp ridges, stone towers, rocky valleys, gorges, arches etc. It contains over 1,000 species of plants, animals, butterflies some representing rare elements such as wild garlic, rock eagle, puddle, yew, cinnamon, white carnation, rock butterfly.<\/p>\n<p>About 50-60 caves, arches (the ruins of collapsed caves) or nests are generally known in Turks Gorge, generally having small dimensions (8 exceed 20 m long, the largest reaching 123 m).<\/p>\n<p>Cheile Turzii is linked by a series of routes to other tourist sights, such as Turkey Gorge or Ciuca\u0219 Waterfall. It is a favorite area for climbers due to the verticality of the walls and the relatively easy access with equipment. There are over 200 mountaineering and climbing routes, various competitions and memorials are held annually.<\/p>\n<h3 style=\"text-align: center;\"><span style=\"color: #800000;\">Salina Turda<\/span><\/h3>\n<p>Salina Turda is, without a doubt, the most famous destination for tourists visiting Turda. This mine dates from the seventeenth century. The exploitation of salt in Turda has been a determining element for the prosperous evolution of the city from the pre-Roman period to the present. Salda Turda, which was one of the most important salines in Transylvania at the beginning of the year, begins to decline after 1840, due to the increasing competition of the salt from Ocna Mure\u015f, reaching the role of a reserve.<\/p>\n<p>Safe archaeological evidence of the salt exploitation in Durg\u0103u-Turda exists from the pre-Roman period, a fact underlined by the presence in the immediate vicinity of the salt deposits, each time, of a Roman fortification. The Roman fortified town of Potaissa defended the salt exploitation in Turda.<\/p>\n<h3 style=\"text-align: center;\"><span style=\"color: #800000;\">P\u00e2rtia Feleacu\u00a0<\/span><\/h3>\n<p style=\"text-align: center;\"><a href=\"http:\/\/www.pensiune-laura.ro\/en_us\/wp-content\/uploads\/2014\/10\/2.jpg\/\"><img loading=\"lazy\" class=\"alignnone size-medium wp-image-878\" src=\"http:\/\/www.pensiune-laura.ro\/wp-content\/uploads\/2014\/10\/2-300x126.jpg\" alt=\"2\" width=\"300\" height=\"126\" srcset=\"https:\/\/www.pensiune-laura.ro\/wp-content\/uploads\/2014\/10\/2-300x126.jpg 300w, https:\/\/www.pensiune-laura.ro\/wp-content\/uploads\/2014\/10\/2-600x253.jpg 600w, https:\/\/www.pensiune-laura.ro\/wp-content\/uploads\/2014\/10\/2-1024x431.jpg 1024w, https:\/\/www.pensiune-laura.ro\/wp-content\/uploads\/2014\/10\/2.jpg 1200w\" sizes=\"(max-width: 300px) 100vw, 300px\" \/><\/a><\/p>\n<p>Feleacu Slope is located 12 km from the city of Cluj-Napoca, taking place on Feleacului Hill near the television tower. It is an idyllic place, from where you can admire a unique panorama of the city, animated throughout the day as well as at night.<\/p>\n<p>The slope has a length of 765 meters, the level difference being 98m. Starting with this year, Feleacu will be the only Snowpark in the region. It will include more elements for tricks but also 3 jumps specially designed for winter sports lovers.<\/p>\n<p>A modern part, it is equipped with artificial snow installation and efficient lighting system, to provide the best conditions to the customers at night. At the same time, the facilities of Feleacu include a ski lift with a capacity of 412 persons \/ h, a 24\/7 surveillance system and wireless internet on the slope.<\/p>\n<h3 style=\"text-align: center;\"><span style=\"color: #800000;\">Sta\u021biunea\u00a0Muntele B\u0103i\u0219orii<\/span><\/h3>\n<p><b>Cadru natural<\/b><\/p>\n<p><span style=\"font-weight: 400;\">Located only 18 km from the Pension Laura - Petrestii de Jos and 50 km from Cluj Napoca, the B\u0103i\u015forii Mountain Resort is the most famous ski resort of Cluj and a place of special beauty. The resort is located at the border of the Gera stream (source of the Ier\u0163a valley), on the ridges that go east from Buscat peak (1676 m), on the territory of B\u0103i\u015foara commune (Cluj County), at 46 degrees and 32 minutes north latitude and 23 minutes degrees and 19 minutes east longitude, at an altitude between 1200 and 1400 m, the hotel being located at 1345 m.<\/span><\/p>\n<p><span style=\"font-weight: 400;\">The view is wide, open to the Transylvanian Plain, the Turzian Gorge and to more distant areas, in good visibility conditions one can admire the mountains of Maramure\u015f, Tibles\u015f, Rodnei, C\u0103limani and F\u0103g\u0103ra\u015f and sometimes also the Carpathian Forests, Gut\u00e2ghul, Suhardul, Munhard , Ciuca\u015ful. From the peaks near the resort are seen in the clear sky and the \u015eureanul, Par\u00e2ngul and Retezatul, and in exceptional conditions, even the High Tatras.<\/span><\/p>\n<p><b>Agrement:<\/b><\/p>\n<p><span style=\"font-weight: 400;\">Various sports and games can be practiced, but the base remains on mountain sports, for which there are wide possibilities in the area, especially for hiking, alpine skiing, ski touring, mountain biking, paragliding, to a lesser extent cross-country skiing, mountaineering and caving.<\/span><\/p>\n<p><b>Schi alpin \/ Snowboarding<\/b><span style=\"font-weight: 400;\"><br \/>\n<\/span><span style=\"font-weight: 400;\">There are two ski slopes in the resort but only one of them (the Big Party) is used regularly and intensively:<\/span><\/p>\n<p>Partia Mare : \u00a0\u00a0lungime 1200 m , dificultate media , teleschi<\/p>\n<p><span style=\"font-weight: 400;\">Partia Slalom : lungime 300 m , dificultate: avansati, teleschi<\/span><\/p>\n<p style=\"text-align: center;\"><span style=\"color: #0000ff;\"><strong>C\u00e2teva alte obiective din zon\u0103<\/strong><\/span><\/p>\n<ul>\n<li><strong>Biserica Unitarian\u0103<\/strong>, din 1570 din Petre\u015ftii-de-Jos.<\/li>\n<li><strong>Biserica de lemn \u201eSfin\u0163ii Arhangheli Mihail \u015fi Gavriil\u201d <\/strong>(1842-1846) din satul Livada.<\/li>\n<li>A significant collection of Roman objects from the Potaissa (Turda) fort was found in the former <strong>conac al familiei Ferenc \u015fi Anna Lugossy<\/strong> (sec.XVIII) din\u00a0Petre\u015ftii-de-Jos.<\/li>\n<li><strong>Cheile Turzii<\/strong> - Turzii Keys make up a protected area of national interest that corresponds to the IV category IUCN (mixed type nature reserve), located in Cluj county, at a distance of 6 km west of Turda municipality, along the H\u0103\u015fdate valley.<\/li>\n<li><strong>Biserica Romano-Catolic\u0103 Sf.Mihai<\/strong> inscribed on the list of historical monuments, it is one of the most representative monuments of Gothic architecture in Transylvania.<\/li>\n<li><strong>Rezerva\u0163ia Natural\u0103 Fanatele Suatu I si II <\/strong>- The natural area is located in the central-eastern part of Cluj county and the eastern part of the village Suatu and southwest of the locality Ghirisu Rom\u00e2n.<\/li>\n<li><strong>Cascada Ciuca\u015f<\/strong> - it is located in the H\u0103d\u0103dilor Gorge, on the lower course of the H\u0103\u015fdate Valley, not far from the village of Corne\u015fti, Mihai Viteazu Commune, Jud. Cluj.<\/li>\n<li><strong>Castrul de la Potaissa<\/strong> is the largest legion camp with a long operation in Dacia. With the long sides (north and south) of 573 m and the short ones (east and west) of 408 m, the huge rectangle described by the camp occupies an area of 23.37 ha.<\/li>\n<li><strong>Castelul din Bontida &#8211;<\/strong> Once considered the Versailles of Transylvania, B\u00e1nffy Castle in Bon\u0163ida is one of the most beautiful assemblies of historical buildings in the Carpathian Basin.<\/li>\n<li><strong>Casa Matei Corvin <\/strong>is one of the oldest buildings and the only Renaissance palace in Cluj-Napoca. The building was built in the 15th century and is located inside the first defense enclosure belonging to the old fortress. Originally used as an inn, in 1740 it was purchased by the city of Cluj, fulfilling other purposes, such as prison or hospital. In 1887, Emperor Francis Joseph paid a visit to the city, an occasion on which a plaque commemorating that moment was placed on the building. The plate exists today.<\/li>\n<li><strong>Cet\u0103\u0163uia<\/strong> it was built between 1715 and 1735 with star-shaped walls, a redoubt, a tower and was surrounded by bastions, according to the plans of the military architect Giovanni Visconti, outside being surrounded by a wave of earth. The access gates from west and south no longer exist, only those from the south-east and north remain standing. Above the gates and inside the enclosure were various buildings that housed administrative spaces, a garrison and an armory.<\/li>\n<li><strong>Castelul Kem\u00e9ny\u00a0<\/strong>from Jucu de Sus, Cluj County, built in the 19th century, is inscribed on the list of historical monuments in Cluj County, elaborated by the Ministry of Culture and National Heritage of Romania in 2010. The castle, built in the 19th century, has the shape of the letter L, with sides 22 and 16 meters. It is made up of basement, ground floor, floor and roof, with 2 entrances. The building has two entrances on the southern sides, the small entrance being framed by a portico with two columns on which there is a terrace. The connection between the ground floor and the floor is made on a stone staircase. In the north-western corner of the castle there is a sidewalk of pentagonal shape. There are only a few old trees left in the old park and a stone block high about. 1.5 meters, carved with animal motifs.<\/li>\n<li><strong>Castelul Wass<\/strong>(sau\u00a0<em>Castelul \u00een alb \u0219i negru<\/em>) was rectangular in shape with two square towers and four pavilions. It was located in a small park, in front of which were placed two artesian fountains. He survived the main building, built in the Transylvanian Baroque style, with a basement, ground floor and a frame. Near the building are the family's burial crypts, mentioned in the family archive of 1776.<\/li>\n<li><strong>Cetatea de la Bologase<\/strong> is located in the town of Bologa in Cluj County An ancient Roman castrum, called\u00a0<em>Resculum<\/em>\u00a0este cea mai veche a\u0219ezare din zon\u0103 specificat\u0103 \u00een documente. A fost ridicat \u00een jurul anului 106 D.C., drept garnizoan\u0103 a Cohortei II \u201cHispanorum\u201d, a c\u0103rei misiune era, probabil, ap\u0103rarea grani\u021bei Imperiului Roman. Pe m\u0103sur\u0103 ce romanii au \u00eencercat s\u0103 consolideze grani\u021bele, \u00een secolul II D.C. au fost adu\u0219i coloni\u0219ti din\u00a0Grecia, se crede din zona\u00a0Patras. Ruinele castrului sunt vizibile \u0219i ast\u0103zi \u00een locul numit &#8222;Gr\u0103di\u0219te&#8221;, de\u0219i majoritatea zonei a fost folosit\u0103 ca suprafa\u021b\u0103 agricol\u0103. \u00cen apropierea castrului exist\u0103 \u0219i ruinele unei b\u0103i romane.<\/li>\n<li><strong>Cetatea Cuzdrioara<\/strong> it is formed by a wave of circular earth with a diameter of 50 m and bordered by a ditch. The dimensions of the wave vary from 7 m wide and 3 m high on the south side, 10 m wide and 6 m high on the north side. The fortress was destroyed, the reasons for the destruction being unknown. Archaeological researches found bronze objects from the 9th century in the area. The fortress is also known as\u00a0<em>Cetatea chazarilor<\/em>. Anonimus mentions chazari in his work Gesta Hungarorum among Menumorut's subjects. Chazarii were a semi-nomadic population of Turkish origin, which in the VII-IX centuries laid the foundations of a state in the Caspian Sea area. The king of Hungary and Croatia, Andrei II (1205-1235) gifted the village of the magistrate Dene\u015f, one of the ancestors of the B\u00e1nffy family, a family that remained in the possession of the village until the 17th century.<\/li>\n<li><strong>Cascada R\u0103chi\u021bele <\/strong>numit\u0103 \u0219i\u00a0<strong><em>V\u0103lul Miresei &#8211; <\/em><\/strong>is one of the most beautiful waterfalls in Romania. The waterfall is over 30 meters. In winter, the rocky wall freezes, making it an excellent place for ice climbing for those passionate about this sport. An old legend recalls that the name of the waterfall comes from the fact that long ago a bride would have fallen off the steep rocks of the area where the waterfall is, and her veil was hanging on the rocks. There, the wedding couple stopped and started to cry, thus forming a waterfall. In fact, the name could be attributed to the shape of the waterfall that resembled a veil.<\/li>\n<\/ul>","protected":false},"excerpt":{"rendered":"<p>Cheile Turzii\u00a0 Alc\u0103tuiesc o arie protejat\u0103\u00a0de interes na\u021bional \u0219i ofer\u0103 un peisaj carstic de o rar\u0103 s\u0103lb\u0103ticie: st\u00e2nci \u00eenalte \u0219i abrupte, creste ascu\u021bite, turnuri de piatr\u0103, v\u00e2lcele pietroase, grohoti\u0219uri, arcade etc. Con\u021bine peste 1.000 de specii de plante, animale, fluturi unele reprezent\u00e2nd elemente rare ca usturoiul s\u0103lbatic, acvila de st\u00e2nc\u0103, [&hellip;]<\/p>","protected":false},"author":1,"featured_media":0,"parent":0,"menu_order":0,"comment_status":"closed","ping_status":"closed","template":"","meta":[],"_links":{"self":[{"href":"https:\/\/www.pensiune-laura.ro\/en_us\/wp-json\/wp\/v2\/pages\/204"}],"collection":[{"href":"https:\/\/www.pensiune-laura.ro\/en_us\/wp-json\/wp\/v2\/pages"}],"about":[{"href":"https:\/\/www.pensiune-laura.ro\/en_us\/wp-json\/wp\/v2\/types\/page"}],"author":[{"embeddable":true,"href":"https:\/\/www.pensiune-laura.ro\/en_us\/wp-json\/wp\/v2\/users\/1"}],"replies":[{"embeddable":true,"href":"https:\/\/www.pensiune-laura.ro\/en_us\/wp-json\/wp\/v2\/comments?post=204"}],"version-history":[{"count":26,"href":"https:\/\/www.pensiune-laura.ro\/en_us\/wp-json\/wp\/v2\/pages\/204\/revisions"}],"predecessor-version":[{"id":3017,"href":"https:\/\/www.pensiune-laura.ro\/en_us\/wp-json\/wp\/v2\/pages\/204\/revisions\/3017"}],"wp:attachment":[{"href":"https:\/\/www.pensiune-laura.ro\/en_us\/wp-json\/wp\/v2\/media?parent=204"}],"curies":[{"name":"wp","href":"https:\/\/api.w.org\/{rel}","templated":true}]}}