{"id":444,"date":"2015-06-12T14:32:20","date_gmt":"2015-06-12T14:32:20","guid":{"rendered":"http:\/\/www.pensiune-laura.ro\/?page_id=444"},"modified":"2019-10-01T10:53:12","modified_gmt":"2019-10-01T10:53:12","slug":"oaspetii-nostri","status":"publish","type":"page","link":"https:\/\/www.pensiune-laura.ro\/en_us\/oaspetii-nostri\/","title":{"rendered":"Our Guests"},"content":{"rendered":"<style type=\"text\/css\">\n\t\t\t#gallery-1 {\n\t\t\t\tmargin: auto;\n\t\t\t}\n\t\t\t#gallery-1 .gallery-item {\n\t\t\t\tfloat: left;\n\t\t\t\tmargin-top: 10px;\n\t\t\t\ttext-align: center;\n\t\t\t\twidth: 20%;\n\t\t\t}\n\t\t\t#gallery-1 img {\n\t\t\t\tborder: 2px solid #cfcfcf;\n\t\t\t}\n\t\t\t#gallery-1 .gallery-caption {\n\t\t\t\tmargin-left: 0;\n\t\t\t}\n\t\t\t\/* see gallery_shortcode() in wp-includes\/media.php *\/\n\t\t<\/style>\n\t\t<div id='gallery-1' class='gallery galleryid-444 gallery-columns-5 gallery-size-thumbnail'><dl class='gallery-item'>\n\t\t\t<dt class='gallery-icon landscape'>\n\t\t\t\t<a href='https:\/\/www.pensiune-laura.ro\/wp-content\/uploads\/2015\/06\/Dorel-Visan.jpg'><img width=\"150\" height=\"150\" src=\"https:\/\/www.pensiune-laura.ro\/wp-content\/uploads\/2015\/06\/Dorel-Visan-150x150.jpg\" class=\"attachment-thumbnail size-thumbnail\" alt=\"\" loading=\"lazy\" aria-describedby=\"gallery-1-482\" srcset=\"https:\/\/www.pensiune-laura.ro\/wp-content\/uploads\/2015\/06\/Dorel-Visan-150x150.jpg 150w, https:\/\/www.pensiune-laura.ro\/wp-content\/uploads\/2015\/06\/Dorel-Visan-140x140.jpg 140w, https:\/\/www.pensiune-laura.ro\/wp-content\/uploads\/2015\/06\/Dorel-Visan-260x260.jpg 260w, https:\/\/www.pensiune-laura.ro\/wp-content\/uploads\/2015\/06\/Dorel-Visan-380x380.jpg 380w\" sizes=\"(max-width: 150px) 100vw, 150px\" \/><\/a>\n\t\t\t<\/dt>\n\t\t\t\t<dd class='wp-caption-text gallery-caption' id='gallery-1-482'>\n\t\t\t\tDorel Visan\n\t\t\t\t<\/dd><\/dl><dl class='gallery-item'>\n\t\t\t<dt class='gallery-icon landscape'>\n\t\t\t\t<a href='https:\/\/www.pensiune-laura.ro\/wp-content\/uploads\/2015\/06\/Ducu-Bertzi.jpg'><img width=\"150\" height=\"150\" src=\"https:\/\/www.pensiune-laura.ro\/wp-content\/uploads\/2015\/06\/Ducu-Bertzi-150x150.jpg\" class=\"attachment-thumbnail size-thumbnail\" alt=\"\" loading=\"lazy\" aria-describedby=\"gallery-1-483\" srcset=\"https:\/\/www.pensiune-laura.ro\/wp-content\/uploads\/2015\/06\/Ducu-Bertzi-150x150.jpg 150w, https:\/\/www.pensiune-laura.ro\/wp-content\/uploads\/2015\/06\/Ducu-Bertzi-140x140.jpg 140w, https:\/\/www.pensiune-laura.ro\/wp-content\/uploads\/2015\/06\/Ducu-Bertzi-260x260.jpg 260w\" sizes=\"(max-width: 150px) 100vw, 150px\" \/><\/a>\n\t\t\t<\/dt>\n\t\t\t\t<dd class='wp-caption-text gallery-caption' id='gallery-1-483'>\n\t\t\t\tDucu Bertzi\n\t\t\t\t<\/dd><\/dl><dl class='gallery-item'>\n\t\t\t<dt class='gallery-icon portrait'>\n\t\t\t\t<a href='https:\/\/www.pensiune-laura.ro\/wp-content\/uploads\/2015\/06\/George-Mihaita.jpg'><img width=\"150\" height=\"150\" src=\"https:\/\/www.pensiune-laura.ro\/wp-content\/uploads\/2015\/06\/George-Mihaita-150x150.jpg\" class=\"attachment-thumbnail size-thumbnail\" alt=\"\" loading=\"lazy\" aria-describedby=\"gallery-1-484\" srcset=\"https:\/\/www.pensiune-laura.ro\/wp-content\/uploads\/2015\/06\/George-Mihaita-150x150.jpg 150w, https:\/\/www.pensiune-laura.ro\/wp-content\/uploads\/2015\/06\/George-Mihaita-140x140.jpg 140w\" sizes=\"(max-width: 150px) 100vw, 150px\" \/><\/a>\n\t\t\t<\/dt>\n\t\t\t\t<dd class='wp-caption-text gallery-caption' id='gallery-1-484'>\n\t\t\t\tGeorge Mihaita\n\t\t\t\t<\/dd><\/dl><dl class='gallery-item'>\n\t\t\t<dt class='gallery-icon landscape'>\n\t\t\t\t<a href='https:\/\/www.pensiune-laura.ro\/wp-content\/uploads\/2015\/06\/George-Stanca.jpg'><img width=\"150\" height=\"150\" src=\"https:\/\/www.pensiune-laura.ro\/wp-content\/uploads\/2015\/06\/George-Stanca-150x150.jpg\" class=\"attachment-thumbnail size-thumbnail\" alt=\"\" loading=\"lazy\" aria-describedby=\"gallery-1-485\" srcset=\"https:\/\/www.pensiune-laura.ro\/wp-content\/uploads\/2015\/06\/George-Stanca-150x150.jpg 150w, https:\/\/www.pensiune-laura.ro\/wp-content\/uploads\/2015\/06\/George-Stanca-140x140.jpg 140w, https:\/\/www.pensiune-laura.ro\/wp-content\/uploads\/2015\/06\/George-Stanca-260x260.jpg 260w\" sizes=\"(max-width: 150px) 100vw, 150px\" \/><\/a>\n\t\t\t<\/dt>\n\t\t\t\t<dd class='wp-caption-text gallery-caption' id='gallery-1-485'>\n\t\t\t\tGeorge Stanca\n\t\t\t\t<\/dd><\/dl><dl class='gallery-item'>\n\t\t\t<dt class='gallery-icon landscape'>\n\t\t\t\t<a href='https:\/\/www.pensiune-laura.ro\/wp-content\/uploads\/2015\/06\/Gheorghe-Zamfir.jpg'><img width=\"150\" height=\"150\" src=\"https:\/\/www.pensiune-laura.ro\/wp-content\/uploads\/2015\/06\/Gheorghe-Zamfir-150x150.jpg\" class=\"attachment-thumbnail size-thumbnail\" alt=\"\" loading=\"lazy\" aria-describedby=\"gallery-1-486\" srcset=\"https:\/\/www.pensiune-laura.ro\/wp-content\/uploads\/2015\/06\/Gheorghe-Zamfir-150x150.jpg 150w, https:\/\/www.pensiune-laura.ro\/wp-content\/uploads\/2015\/06\/Gheorghe-Zamfir-140x140.jpg 140w, https:\/\/www.pensiune-laura.ro\/wp-content\/uploads\/2015\/06\/Gheorghe-Zamfir-260x260.jpg 260w, https:\/\/www.pensiune-laura.ro\/wp-content\/uploads\/2015\/06\/Gheorghe-Zamfir-380x380.jpg 380w\" sizes=\"(max-width: 150px) 100vw, 150px\" \/><\/a>\n\t\t\t<\/dt>\n\t\t\t\t<dd class='wp-caption-text gallery-caption' id='gallery-1-486'>\n\t\t\t\tGheorghe Zamfir\n\t\t\t\t<\/dd><\/dl><br style=\"clear: both\" \/><dl class='gallery-item'>\n\t\t\t<dt class='gallery-icon landscape'>\n\t\t\t\t<a href='https:\/\/www.pensiune-laura.ro\/wp-content\/uploads\/2015\/06\/Horatiu-Malaele.jpg'><img width=\"150\" height=\"150\" src=\"https:\/\/www.pensiune-laura.ro\/wp-content\/uploads\/2015\/06\/Horatiu-Malaele-150x150.jpg\" class=\"attachment-thumbnail size-thumbnail\" alt=\"\" loading=\"lazy\" aria-describedby=\"gallery-1-487\" srcset=\"https:\/\/www.pensiune-laura.ro\/wp-content\/uploads\/2015\/06\/Horatiu-Malaele-150x150.jpg 150w, https:\/\/www.pensiune-laura.ro\/wp-content\/uploads\/2015\/06\/Horatiu-Malaele-140x140.jpg 140w\" sizes=\"(max-width: 150px) 100vw, 150px\" \/><\/a>\n\t\t\t<\/dt>\n\t\t\t\t<dd class='wp-caption-text gallery-caption' id='gallery-1-487'>\n\t\t\t\tHoratiu Malaele\n\t\t\t\t<\/dd><\/dl><dl class='gallery-item'>\n\t\t\t<dt class='gallery-icon landscape'>\n\t\t\t\t<a href='https:\/\/www.pensiune-laura.ro\/wp-content\/uploads\/2015\/06\/Marius-Ciprian-Pop.jpg'><img width=\"150\" height=\"150\" src=\"https:\/\/www.pensiune-laura.ro\/wp-content\/uploads\/2015\/06\/Marius-Ciprian-Pop-150x150.jpg\" class=\"attachment-thumbnail size-thumbnail\" alt=\"\" loading=\"lazy\" aria-describedby=\"gallery-1-488\" srcset=\"https:\/\/www.pensiune-laura.ro\/wp-content\/uploads\/2015\/06\/Marius-Ciprian-Pop-150x150.jpg 150w, https:\/\/www.pensiune-laura.ro\/wp-content\/uploads\/2015\/06\/Marius-Ciprian-Pop-140x140.jpg 140w\" sizes=\"(max-width: 150px) 100vw, 150px\" \/><\/a>\n\t\t\t<\/dt>\n\t\t\t\t<dd class='wp-caption-text gallery-caption' id='gallery-1-488'>\n\t\t\t\tMarius Ciprian Pop\n\t\t\t\t<\/dd><\/dl><dl class='gallery-item'>\n\t\t\t<dt class='gallery-icon landscape'>\n\t\t\t\t<a href='https:\/\/www.pensiune-laura.ro\/wp-content\/uploads\/2015\/06\/Mircea-Baniciu.jpg'><img width=\"150\" height=\"150\" src=\"https:\/\/www.pensiune-laura.ro\/wp-content\/uploads\/2015\/06\/Mircea-Baniciu-150x150.jpg\" class=\"attachment-thumbnail size-thumbnail\" alt=\"\" loading=\"lazy\" aria-describedby=\"gallery-1-489\" srcset=\"https:\/\/www.pensiune-laura.ro\/wp-content\/uploads\/2015\/06\/Mircea-Baniciu-150x150.jpg 150w, https:\/\/www.pensiune-laura.ro\/wp-content\/uploads\/2015\/06\/Mircea-Baniciu-140x140.jpg 140w, https:\/\/www.pensiune-laura.ro\/wp-content\/uploads\/2015\/06\/Mircea-Baniciu-260x260.jpg 260w\" sizes=\"(max-width: 150px) 100vw, 150px\" \/><\/a>\n\t\t\t<\/dt>\n\t\t\t\t<dd class='wp-caption-text gallery-caption' id='gallery-1-489'>\n\t\t\t\tMircea Baniciu\n\t\t\t\t<\/dd><\/dl><dl class='gallery-item'>\n\t\t\t<dt class='gallery-icon landscape'>\n\t\t\t\t<a href='https:\/\/www.pensiune-laura.ro\/wp-content\/uploads\/2015\/06\/Ovidiu-Cuncea.jpg'><img width=\"150\" height=\"150\" src=\"https:\/\/www.pensiune-laura.ro\/wp-content\/uploads\/2015\/06\/Ovidiu-Cuncea-150x150.jpg\" class=\"attachment-thumbnail size-thumbnail\" alt=\"\" loading=\"lazy\" aria-describedby=\"gallery-1-490\" srcset=\"https:\/\/www.pensiune-laura.ro\/wp-content\/uploads\/2015\/06\/Ovidiu-Cuncea-150x150.jpg 150w, https:\/\/www.pensiune-laura.ro\/wp-content\/uploads\/2015\/06\/Ovidiu-Cuncea-140x140.jpg 140w\" sizes=\"(max-width: 150px) 100vw, 150px\" \/><\/a>\n\t\t\t<\/dt>\n\t\t\t\t<dd class='wp-caption-text gallery-caption' id='gallery-1-490'>\n\t\t\t\tOvidiu Cuncea\n\t\t\t\t<\/dd><\/dl><dl class='gallery-item'>\n\t\t\t<dt class='gallery-icon landscape'>\n\t\t\t\t<a href='https:\/\/www.pensiune-laura.ro\/wp-content\/uploads\/2015\/06\/Ovidiu-Lipan-Tandarica.jpg'><img width=\"150\" height=\"150\" src=\"https:\/\/www.pensiune-laura.ro\/wp-content\/uploads\/2015\/06\/Ovidiu-Lipan-Tandarica-150x150.jpg\" class=\"attachment-thumbnail size-thumbnail\" alt=\"\" loading=\"lazy\" aria-describedby=\"gallery-1-491\" srcset=\"https:\/\/www.pensiune-laura.ro\/wp-content\/uploads\/2015\/06\/Ovidiu-Lipan-Tandarica-150x150.jpg 150w, https:\/\/www.pensiune-laura.ro\/wp-content\/uploads\/2015\/06\/Ovidiu-Lipan-Tandarica-140x140.jpg 140w, https:\/\/www.pensiune-laura.ro\/wp-content\/uploads\/2015\/06\/Ovidiu-Lipan-Tandarica-260x260.jpg 260w, https:\/\/www.pensiune-laura.ro\/wp-content\/uploads\/2015\/06\/Ovidiu-Lipan-Tandarica-380x380.jpg 380w\" sizes=\"(max-width: 150px) 100vw, 150px\" \/><\/a>\n\t\t\t<\/dt>\n\t\t\t\t<dd class='wp-caption-text gallery-caption' id='gallery-1-491'>\n\t\t\t\tOvidiu Lipan Tandarica\n\t\t\t\t<\/dd><\/dl><br style=\"clear: both\" \/><dl class='gallery-item'>\n\t\t\t<dt class='gallery-icon portrait'>\n\t\t\t\t<a href='https:\/\/www.pensiune-laura.ro\/wp-content\/uploads\/2015\/06\/Adriana-Trandafir-5.jpg'><img width=\"150\" height=\"150\" src=\"https:\/\/www.pensiune-laura.ro\/wp-content\/uploads\/2015\/06\/Adriana-Trandafir-5-150x150.jpg\" class=\"attachment-thumbnail size-thumbnail\" alt=\"\" loading=\"lazy\" aria-describedby=\"gallery-1-815\" srcset=\"https:\/\/www.pensiune-laura.ro\/wp-content\/uploads\/2015\/06\/Adriana-Trandafir-5-150x150.jpg 150w, https:\/\/www.pensiune-laura.ro\/wp-content\/uploads\/2015\/06\/Adriana-Trandafir-5-160x160.jpg 160w, https:\/\/www.pensiune-laura.ro\/wp-content\/uploads\/2015\/06\/Adriana-Trandafir-5-140x140.jpg 140w, https:\/\/www.pensiune-laura.ro\/wp-content\/uploads\/2015\/06\/Adriana-Trandafir-5-260x260.jpg 260w\" sizes=\"(max-width: 150px) 100vw, 150px\" \/><\/a>\n\t\t\t<\/dt>\n\t\t\t\t<dd class='wp-caption-text gallery-caption' id='gallery-1-815'>\n\t\t\t\tAdriana Trandafir\n\t\t\t\t<\/dd><\/dl><dl class='gallery-item'>\n\t\t\t<dt class='gallery-icon landscape'>\n\t\t\t\t<a href='https:\/\/www.pensiune-laura.ro\/wp-content\/uploads\/2015\/06\/razvan-krivach-cerbul2.jpg'><img width=\"150\" height=\"150\" src=\"https:\/\/www.pensiune-laura.ro\/wp-content\/uploads\/2015\/06\/razvan-krivach-cerbul2-150x150.jpg\" class=\"attachment-thumbnail size-thumbnail\" alt=\"\" loading=\"lazy\" aria-describedby=\"gallery-1-816\" srcset=\"https:\/\/www.pensiune-laura.ro\/wp-content\/uploads\/2015\/06\/razvan-krivach-cerbul2-150x150.jpg 150w, https:\/\/www.pensiune-laura.ro\/wp-content\/uploads\/2015\/06\/razvan-krivach-cerbul2-160x160.jpg 160w, https:\/\/www.pensiune-laura.ro\/wp-content\/uploads\/2015\/06\/razvan-krivach-cerbul2-140x140.jpg 140w, https:\/\/www.pensiune-laura.ro\/wp-content\/uploads\/2015\/06\/razvan-krivach-cerbul2-260x260.jpg 260w\" sizes=\"(max-width: 150px) 100vw, 150px\" \/><\/a>\n\t\t\t<\/dt>\n\t\t\t\t<dd class='wp-caption-text gallery-caption' id='gallery-1-816'>\n\t\t\t\tRazvan Krivach\n\t\t\t\t<\/dd><\/dl><dl class='gallery-item'>\n\t\t\t<dt class='gallery-icon landscape'>\n\t\t\t\t<a href='https:\/\/www.pensiune-laura.ro\/wp-content\/uploads\/2015\/06\/vali-serban.jpg'><img width=\"150\" height=\"150\" src=\"https:\/\/www.pensiune-laura.ro\/wp-content\/uploads\/2015\/06\/vali-serban-150x150.jpg\" class=\"attachment-thumbnail size-thumbnail\" alt=\"\" loading=\"lazy\" aria-describedby=\"gallery-1-817\" srcset=\"https:\/\/www.pensiune-laura.ro\/wp-content\/uploads\/2015\/06\/vali-serban-150x150.jpg 150w, https:\/\/www.pensiune-laura.ro\/wp-content\/uploads\/2015\/06\/vali-serban-160x160.jpg 160w, https:\/\/www.pensiune-laura.ro\/wp-content\/uploads\/2015\/06\/vali-serban-140x140.jpg 140w, https:\/\/www.pensiune-laura.ro\/wp-content\/uploads\/2015\/06\/vali-serban-260x260.jpg 260w, https:\/\/www.pensiune-laura.ro\/wp-content\/uploads\/2015\/06\/vali-serban-380x380.jpg 380w\" sizes=\"(max-width: 150px) 100vw, 150px\" \/><\/a>\n\t\t\t<\/dt>\n\t\t\t\t<dd class='wp-caption-text gallery-caption' id='gallery-1-817'>\n\t\t\t\tVali Serban\n\t\t\t\t<\/dd><\/dl><dl class='gallery-item'>\n\t\t\t<dt class='gallery-icon landscape'>\n\t\t\t\t<a href='https:\/\/www.pensiune-laura.ro\/wp-content\/uploads\/2015\/06\/Nucu-Pandrea.jpg'><img width=\"150\" height=\"150\" src=\"https:\/\/www.pensiune-laura.ro\/wp-content\/uploads\/2015\/06\/Nucu-Pandrea-150x150.jpg\" class=\"attachment-thumbnail size-thumbnail\" alt=\"\" loading=\"lazy\" aria-describedby=\"gallery-1-818\" srcset=\"https:\/\/www.pensiune-laura.ro\/wp-content\/uploads\/2015\/06\/Nucu-Pandrea-150x150.jpg 150w, https:\/\/www.pensiune-laura.ro\/wp-content\/uploads\/2015\/06\/Nucu-Pandrea-160x160.jpg 160w, https:\/\/www.pensiune-laura.ro\/wp-content\/uploads\/2015\/06\/Nucu-Pandrea-300x300.jpg 300w, https:\/\/www.pensiune-laura.ro\/wp-content\/uploads\/2015\/06\/Nucu-Pandrea-140x140.jpg 140w, https:\/\/www.pensiune-laura.ro\/wp-content\/uploads\/2015\/06\/Nucu-Pandrea-260x260.jpg 260w, https:\/\/www.pensiune-laura.ro\/wp-content\/uploads\/2015\/06\/Nucu-Pandrea-380x380.jpg 380w, https:\/\/www.pensiune-laura.ro\/wp-content\/uploads\/2015\/06\/Nucu-Pandrea.jpg 573w\" sizes=\"(max-width: 150px) 100vw, 150px\" \/><\/a>\n\t\t\t<\/dt>\n\t\t\t\t<dd class='wp-caption-text gallery-caption' id='gallery-1-818'>\n\t\t\t\tNucu Pandrea\n\t\t\t\t<\/dd><\/dl><dl class='gallery-item'>\n\t\t\t<dt class='gallery-icon landscape'>\n\t\t\t\t<a href='https:\/\/www.pensiune-laura.ro\/wp-content\/uploads\/2015\/06\/semnalm.jpg'><img width=\"150\" height=\"150\" src=\"https:\/\/www.pensiune-laura.ro\/wp-content\/uploads\/2015\/06\/semnalm-150x150.jpg\" class=\"attachment-thumbnail size-thumbnail\" alt=\"\" loading=\"lazy\" aria-describedby=\"gallery-1-819\" srcset=\"https:\/\/www.pensiune-laura.ro\/wp-content\/uploads\/2015\/06\/semnalm-150x150.jpg 150w, https:\/\/www.pensiune-laura.ro\/wp-content\/uploads\/2015\/06\/semnalm-160x160.jpg 160w, https:\/\/www.pensiune-laura.ro\/wp-content\/uploads\/2015\/06\/semnalm-140x140.jpg 140w, https:\/\/www.pensiune-laura.ro\/wp-content\/uploads\/2015\/06\/semnalm-260x260.jpg 260w, https:\/\/www.pensiune-laura.ro\/wp-content\/uploads\/2015\/06\/semnalm-380x380.jpg 380w\" sizes=\"(max-width: 150px) 100vw, 150px\" \/><\/a>\n\t\t\t<\/dt>\n\t\t\t\t<dd class='wp-caption-text gallery-caption' id='gallery-1-819'>\n\t\t\t\tSemnal M\n\t\t\t\t<\/dd><\/dl><br style=\"clear: both\" \/>\n\t\t<\/div>\n\n<p>Gheorghe Zamfir, Ovidiu Lipan\u00a0\u0162\u0103nd\u0103ric\u0103, Ducu Bertzi, Mircea Baniciu, familia Ra\u021biu, Dorel Vi\u015fan, George Mih\u0103i\u0163\u0103, George Stanca, Hora\u0163iu M\u0103l\u0103ele, Ovidiu Cuncea, Vali \u0218erban, Ionu\u0163 Fulea, Adriana Trandafir, Semnal M, Dan Zahan<\/p>\n<p>&nbsp;<br \/>\n<!DOCTYPE html><br \/>\n<html><br \/>\n<head><\/p>\n<p><\/head><br \/>\n<body><br \/>\n<\/body><br \/>\n<\/html><\/p>","protected":false},"excerpt":{"rendered":"<p>Gheorghe Zamfir, Ovidiu Lipan\u00a0\u0162\u0103nd\u0103ric\u0103, Ducu Bertzi, Mircea Baniciu, familia Ra\u021biu, Dorel Vi\u015fan, George Mih\u0103i\u0163\u0103, George Stanca, Hora\u0163iu M\u0103l\u0103ele, Ovidiu Cuncea, Vali \u0218erban, Ionu\u0163 Fulea, Adriana Trandafir, Semnal M, Dan Zahan &nbsp;<\/p>","protected":false},"author":1,"featured_media":0,"parent":0,"menu_order":0,"comment_status":"closed","ping_status":"closed","template":"","meta":[],"_links":{"self":[{"href":"https:\/\/www.pensiune-laura.ro\/en_us\/wp-json\/wp\/v2\/pages\/444"}],"collection":[{"href":"https:\/\/www.pensiune-laura.ro\/en_us\/wp-json\/wp\/v2\/pages"}],"about":[{"href":"https:\/\/www.pensiune-laura.ro\/en_us\/wp-json\/wp\/v2\/types\/page"}],"author":[{"embeddable":true,"href":"https:\/\/www.pensiune-laura.ro\/en_us\/wp-json\/wp\/v2\/users\/1"}],"replies":[{"embeddable":true,"href":"https:\/\/www.pensiune-laura.ro\/en_us\/wp-json\/wp\/v2\/comments?post=444"}],"version-history":[{"count":11,"href":"https:\/\/www.pensiune-laura.ro\/en_us\/wp-json\/wp\/v2\/pages\/444\/revisions"}],"predecessor-version":[{"id":3018,"href":"https:\/\/www.pensiune-laura.ro\/en_us\/wp-json\/wp\/v2\/pages\/444\/revisions\/3018"}],"wp:attachment":[{"href":"https:\/\/www.pensiune-laura.ro\/en_us\/wp-json\/wp\/v2\/media?parent=444"}],"curies":[{"name":"wp","href":"https:\/\/api.w.org\/{rel}","templated":true}]}}